{"id":1987,"date":"2024-03-13T08:49:41","date_gmt":"2024-03-13T08:49:41","guid":{"rendered":"http:\/\/saicex.org\/?page_id=1987"},"modified":"2024-10-21T08:06:09","modified_gmt":"2024-10-21T08:06:09","slug":"congreso-reuniones","status":"publish","type":"page","link":"https:\/\/saicex.org\/?page_id=1987","title":{"rendered":"Congreso\/Reuniones"},"content":{"rendered":"\t\t<div data-elementor-type=\"wp-page\" data-elementor-id=\"1987\" class=\"elementor elementor-1987\">\n\t\t\t\t<div class=\"elementor-element elementor-element-b3ce8dc e-flex e-con-boxed e-con e-parent\" data-id=\"b3ce8dc\" data-element_type=\"container\" data-settings=\"{&quot;content_width&quot;:&quot;boxed&quot;}\" data-core-v316-plus=\"true\">\n\t\t\t\t\t<div class=\"e-con-inner\">\n\t\t<div class=\"elementor-element elementor-element-2025e2b e-con-full e-flex e-con e-child\" data-id=\"2025e2b\" data-element_type=\"container\" data-settings=\"{&quot;content_width&quot;:&quot;full&quot;}\">\n\t\t\t\t<div class=\"elementor-element elementor-element-8ae3d7f elementor-position-top flex-horizontal-align-default flex-horizontal-align-tablet-default flex-horizontal-align-mobile-default flex-vertical-align-default flex-vertical-align-tablet-default flex-vertical-align-mobile-default elementor-widget elementor-widget-image-box\" data-id=\"8ae3d7f\" data-element_type=\"widget\" data-widget_type=\"image-box.default\">\n\t\t\t\t<div class=\"elementor-widget-container\">\n\t\t\t<style>\/*! elementor - v3.19.0 - 07-02-2024 *\/\n.elementor-widget-image-box .elementor-image-box-content{width:100%}@media (min-width:768px){.elementor-widget-image-box.elementor-position-left .elementor-image-box-wrapper,.elementor-widget-image-box.elementor-position-right .elementor-image-box-wrapper{display:flex}.elementor-widget-image-box.elementor-position-right .elementor-image-box-wrapper{text-align:right;flex-direction:row-reverse}.elementor-widget-image-box.elementor-position-left .elementor-image-box-wrapper{text-align:left;flex-direction:row}.elementor-widget-image-box.elementor-position-top .elementor-image-box-img{margin:auto}.elementor-widget-image-box.elementor-vertical-align-top .elementor-image-box-wrapper{align-items:flex-start}.elementor-widget-image-box.elementor-vertical-align-middle .elementor-image-box-wrapper{align-items:center}.elementor-widget-image-box.elementor-vertical-align-bottom .elementor-image-box-wrapper{align-items:flex-end}}@media (max-width:767px){.elementor-widget-image-box .elementor-image-box-img{margin-left:auto!important;margin-right:auto!important;margin-bottom:15px}}.elementor-widget-image-box .elementor-image-box-img{display:inline-block}.elementor-widget-image-box .elementor-image-box-title a{color:inherit}.elementor-widget-image-box .elementor-image-box-wrapper{text-align:center}.elementor-widget-image-box .elementor-image-box-description{margin:0}<\/style><div class=\"elementor-image-box-wrapper\"><figure class=\"elementor-image-box-img\"><a href=\"http:\/\/saicex.org\/wp-content\/uploads\/2024\/10\/Programa-definitivo.pdf\" target=\"_blank\" tabindex=\"-1\"><img fetchpriority=\"high\" decoding=\"async\" width=\"640\" height=\"372\" src=\"https:\/\/saicex.org\/wp-content\/uploads\/2024\/10\/Badajoz-2023-640x372.jpeg\" class=\"attachment-post-thumbnail size-post-thumbnail wp-image-2227\" alt=\"\" \/><\/a><\/figure><div class=\"elementor-image-box-content\"><h3 class=\"elementor-image-box-title\"><a href=\"http:\/\/saicex.org\/wp-content\/uploads\/2024\/10\/Programa-definitivo.pdf\" target=\"_blank\">XXX Reuni\u00f3n Saicex 2023<\/a><\/h3><p class=\"elementor-image-box-description\">Viernes y S\u00e1bado (24 y 25) de marzo a las 16:30 h\n<br>\nLugar: Hotel Badajoz Center - Badajoz<\/p><\/div><\/div>\t\t<\/div>\n\t\t\t\t<\/div>\n\t\t\t\t<\/div>\n\t\t<div class=\"elementor-element elementor-element-57701e1 e-con-full e-flex e-con e-child\" data-id=\"57701e1\" data-element_type=\"container\" data-settings=\"{&quot;content_width&quot;:&quot;full&quot;}\">\n\t\t\t\t<div class=\"elementor-element elementor-element-15b6709 elementor-position-top flex-horizontal-align-default flex-horizontal-align-tablet-default flex-horizontal-align-mobile-default flex-vertical-align-default flex-vertical-align-tablet-default flex-vertical-align-mobile-default elementor-widget elementor-widget-image-box\" data-id=\"15b6709\" data-element_type=\"widget\" data-widget_type=\"image-box.default\">\n\t\t\t\t<div class=\"elementor-widget-container\">\n\t\t\t<div class=\"elementor-image-box-wrapper\"><figure class=\"elementor-image-box-img\"><a href=\"http:\/\/saicex.org\/wp-content\/uploads\/2024\/10\/Debates-Inmunoterapia-1.jpeg\" target=\"_blank\" tabindex=\"-1\"><img decoding=\"async\" width=\"640\" height=\"372\" src=\"https:\/\/saicex.org\/wp-content\/uploads\/2024\/10\/Debates-inmunoterapia-2-640x372.jpeg\" class=\"attachment-post-thumbnail size-post-thumbnail wp-image-2221\" alt=\"\" \/><\/a><\/figure><div class=\"elementor-image-box-content\"><h3 class=\"elementor-image-box-title\"><a href=\"http:\/\/saicex.org\/wp-content\/uploads\/2024\/10\/Debates-Inmunoterapia-1.jpeg\" target=\"_blank\">Debates Inmunoterapia 2022<\/a><\/h3><p class=\"elementor-image-box-description\">MANEJO PR\u00c1CTICOS DE CASOS CL\u00cdNICOS\n<br>\nViernes 11 de marzo a las 19:30 h\n<br>Moderan: Dr. Pedro Guardia Mart\u00ednez - Dr. Ir\u00e1n S\u00e1nchez Ramos\n<br>\nLugar: Casas Consistoriales - Badajoz<\/p><\/div><\/div>\t\t<\/div>\n\t\t\t\t<\/div>\n\t\t\t\t<\/div>\n\t\t<div class=\"elementor-element elementor-element-4c39ba0 e-con-full e-flex e-con e-child\" data-id=\"4c39ba0\" data-element_type=\"container\" data-settings=\"{&quot;content_width&quot;:&quot;full&quot;}\">\n\t\t\t\t<div class=\"elementor-element elementor-element-04cb0bf elementor-position-top flex-horizontal-align-default flex-horizontal-align-tablet-default flex-horizontal-align-mobile-default flex-vertical-align-default flex-vertical-align-tablet-default flex-vertical-align-mobile-default elementor-widget elementor-widget-image-box\" data-id=\"04cb0bf\" data-element_type=\"widget\" data-widget_type=\"image-box.default\">\n\t\t\t\t<div class=\"elementor-widget-container\">\n\t\t\t<div class=\"elementor-image-box-wrapper\"><figure class=\"elementor-image-box-img\"><a href=\"http:\/\/saicex.org\/wp-content\/uploads\/2024\/03\/220502_programaeventoA.pdf\" target=\"_blank\" tabindex=\"-1\"><img decoding=\"async\" width=\"460\" height=\"455\" src=\"https:\/\/saicex.org\/wp-content\/uploads\/2024\/03\/DIAGNOSTICO-Y-MANEJO-DE-LA-PATOLOGIA-ALERGICA-DE-LA-SUPERFICIE-OCULAR.jpg\" class=\"attachment-full size-full wp-image-1995\" alt=\"\" srcset=\"https:\/\/saicex.org\/wp-content\/uploads\/2024\/03\/DIAGNOSTICO-Y-MANEJO-DE-LA-PATOLOGIA-ALERGICA-DE-LA-SUPERFICIE-OCULAR.jpg 460w, https:\/\/saicex.org\/wp-content\/uploads\/2024\/03\/DIAGNOSTICO-Y-MANEJO-DE-LA-PATOLOGIA-ALERGICA-DE-LA-SUPERFICIE-OCULAR-300x297.jpg 300w\" sizes=\"(max-width: 460px) 100vw, 460px\" \/><\/a><\/figure><div class=\"elementor-image-box-content\"><h3 class=\"elementor-image-box-title\"><a href=\"http:\/\/saicex.org\/wp-content\/uploads\/2024\/03\/220502_programaeventoA.pdf\" target=\"_blank\">SESI\u00d3N FORMATIVA<\/a><\/h3><p class=\"elementor-image-box-description\">DIAGN\u00d3STICO Y MANEJO DE LA PATOLOG\u00cdA AL\u00c9RGICA DE LA SUPERFICIE OCULAR\n<br>\nJueves 2 de junio a las 19:30 h\n<br>\nPonente: Dra. Bel\u00e9n Torres Ledesma, Oftalm\u00f3loga del Hospital Perpetuo Socorro\n<br>\nLugar: NH Gran Hotel Casino Extremadura<\/p><\/div><\/div>\t\t<\/div>\n\t\t\t\t<\/div>\n\t\t\t\t<\/div>\n\t\t<div class=\"elementor-element elementor-element-48b7de5 e-con-full e-flex e-con e-child\" data-id=\"48b7de5\" data-element_type=\"container\" data-settings=\"{&quot;content_width&quot;:&quot;full&quot;}\">\n\t\t\t\t<div class=\"elementor-element elementor-element-34f081a elementor-position-top flex-horizontal-align-default flex-horizontal-align-tablet-default flex-horizontal-align-mobile-default flex-vertical-align-default flex-vertical-align-tablet-default flex-vertical-align-mobile-default elementor-widget elementor-widget-image-box\" data-id=\"34f081a\" data-element_type=\"widget\" data-widget_type=\"image-box.default\">\n\t\t\t\t<div class=\"elementor-widget-container\">\n\t\t\t<div class=\"elementor-image-box-wrapper\"><figure class=\"elementor-image-box-img\"><a href=\"http:\/\/saicex.org\/wp-content\/uploads\/2024\/03\/220502_programaeventoB.pdf\" target=\"_blank\" tabindex=\"-1\"><img loading=\"lazy\" decoding=\"async\" width=\"460\" height=\"455\" src=\"https:\/\/saicex.org\/wp-content\/uploads\/2024\/03\/DIAGNOSTICO-Y-MANEJO-DE-LA-PATOLOGIA-ALERGICA-DE-LA-SUPERFICIE-OCULAR1.jpg\" class=\"attachment-full size-full wp-image-1997\" alt=\"\" srcset=\"https:\/\/saicex.org\/wp-content\/uploads\/2024\/03\/DIAGNOSTICO-Y-MANEJO-DE-LA-PATOLOGIA-ALERGICA-DE-LA-SUPERFICIE-OCULAR1.jpg 460w, https:\/\/saicex.org\/wp-content\/uploads\/2024\/03\/DIAGNOSTICO-Y-MANEJO-DE-LA-PATOLOGIA-ALERGICA-DE-LA-SUPERFICIE-OCULAR1-300x297.jpg 300w\" sizes=\"(max-width: 460px) 100vw, 460px\" \/><\/a><\/figure><div class=\"elementor-image-box-content\"><h3 class=\"elementor-image-box-title\"><a href=\"http:\/\/saicex.org\/wp-content\/uploads\/2024\/03\/220502_programaeventoB.pdf\" target=\"_blank\">SESI\u00d3N FORMATIVA<\/a><\/h3><p class=\"elementor-image-box-description\">DIAGN\u00d3STICO Y MANEJO DE LA PATOLOG\u00cdA AL\u00c9RGICA DE LA SUPERFICIE OCULAR\n<br>\nJueves 9 de junio a las 19:30 h\n<br>\nPonente: Dr. Juan Antonio Liberal Bejarano, Oftalm\u00f3logo del Hospital Universitario de C\u00e1ceres\n<br>\nLugar: Restaurante Eustaquio Blanco<\/p><\/div><\/div>\t\t<\/div>\n\t\t\t\t<\/div>\n\t\t\t\t<\/div>\n\t\t<div class=\"elementor-element elementor-element-3a0f222 e-con-full e-flex e-con e-child\" data-id=\"3a0f222\" data-element_type=\"container\" data-settings=\"{&quot;content_width&quot;:&quot;full&quot;}\">\n\t\t\t\t<div class=\"elementor-element elementor-element-a6f06af elementor-position-top flex-horizontal-align-default flex-horizontal-align-tablet-default flex-horizontal-align-mobile-default flex-vertical-align-default flex-vertical-align-tablet-default flex-vertical-align-mobile-default elementor-widget elementor-widget-image-box\" data-id=\"a6f06af\" data-element_type=\"widget\" data-widget_type=\"image-box.default\">\n\t\t\t\t<div class=\"elementor-widget-container\">\n\t\t\t<div class=\"elementor-image-box-wrapper\"><figure class=\"elementor-image-box-img\"><a href=\"http:\/\/saicex.org\/wp-content\/uploads\/2024\/03\/Jornadas-alergias-alimentarias-en-el-sector-de-la-restauracion-.pdf\" target=\"_blank\" tabindex=\"-1\"><img loading=\"lazy\" decoding=\"async\" width=\"460\" height=\"455\" src=\"https:\/\/saicex.org\/wp-content\/uploads\/2024\/03\/3-1.jpg\" class=\"attachment-full size-full wp-image-2004\" alt=\"\" srcset=\"https:\/\/saicex.org\/wp-content\/uploads\/2024\/03\/3-1.jpg 460w, https:\/\/saicex.org\/wp-content\/uploads\/2024\/03\/3-1-300x297.jpg 300w\" sizes=\"(max-width: 460px) 100vw, 460px\" \/><\/a><\/figure><div class=\"elementor-image-box-content\"><h3 class=\"elementor-image-box-title\"><a href=\"http:\/\/saicex.org\/wp-content\/uploads\/2024\/03\/Jornadas-alergias-alimentarias-en-el-sector-de-la-restauracion-.pdf\" target=\"_blank\">Jornadas alergias alimentarias en el sector de la restauracio\u0301n<\/a><\/h3><p class=\"elementor-image-box-description\">DIAGN\u00d3STICO Y MANEJO DE LA PATOLOG\u00cdA AL\u00c9RGICA DE LA SUPERFICIE OCULAR\n<br>\nJueves 2 de junio a las 19:30 h\n<br>\nPonente: Dra. Bel\u00e9n Torres Ledesma, Oftalm\u00f3loga del Hospital Perpetuo Socorro\n<br>\nLugar: NH Gran Hotel Casino Extremadura<\/p><\/div><\/div>\t\t<\/div>\n\t\t\t\t<\/div>\n\t\t\t\t<\/div>\n\t\t<div class=\"elementor-element elementor-element-cb583f5 e-con-full e-flex e-con e-child\" data-id=\"cb583f5\" data-element_type=\"container\" data-settings=\"{&quot;content_width&quot;:&quot;full&quot;}\">\n\t\t\t\t<div class=\"elementor-element elementor-element-3505dc5 elementor-position-top flex-horizontal-align-default flex-horizontal-align-tablet-default flex-horizontal-align-mobile-default flex-vertical-align-default flex-vertical-align-tablet-default flex-vertical-align-mobile-default elementor-widget elementor-widget-image-box\" data-id=\"3505dc5\" data-element_type=\"widget\" data-widget_type=\"image-box.default\">\n\t\t\t\t<div class=\"elementor-widget-container\">\n\t\t\t<div class=\"elementor-image-box-wrapper\"><figure class=\"elementor-image-box-img\"><a href=\"https:\/\/www.youtube.com\/watch?v=iAyK9lHs4J0\" target=\"_blank\" tabindex=\"-1\"><img loading=\"lazy\" decoding=\"async\" width=\"500\" height=\"500\" src=\"https:\/\/saicex.org\/wp-content\/uploads\/2024\/04\/alergias-alimentarias-video.jpg\" class=\"attachment-full size-full wp-image-2086\" alt=\"\" srcset=\"https:\/\/saicex.org\/wp-content\/uploads\/2024\/04\/alergias-alimentarias-video.jpg 500w, https:\/\/saicex.org\/wp-content\/uploads\/2024\/04\/alergias-alimentarias-video-300x300.jpg 300w, https:\/\/saicex.org\/wp-content\/uploads\/2024\/04\/alergias-alimentarias-video-150x150.jpg 150w, https:\/\/saicex.org\/wp-content\/uploads\/2024\/04\/alergias-alimentarias-video-256x256.jpg 256w\" sizes=\"(max-width: 500px) 100vw, 500px\" \/><\/a><\/figure><div class=\"elementor-image-box-content\"><h3 class=\"elementor-image-box-title\"><a href=\"https:\/\/www.youtube.com\/watch?v=iAyK9lHs4J0\" target=\"_blank\">Las alergias alimentarias en el sector de la restauraci\u00f3n y la alimentaci\u00f3n<\/a><\/h3><\/div><\/div>\t\t<\/div>\n\t\t\t\t<\/div>\n\t\t\t\t<\/div>\n\t\t<div class=\"elementor-element elementor-element-b3e138e e-con-full e-flex e-con e-child\" data-id=\"b3e138e\" data-element_type=\"container\" data-settings=\"{&quot;content_width&quot;:&quot;full&quot;}\">\n\t\t\t\t<div class=\"elementor-element elementor-element-57fc34e elementor-position-top flex-horizontal-align-default flex-horizontal-align-tablet-default flex-horizontal-align-mobile-default flex-vertical-align-default flex-vertical-align-tablet-default flex-vertical-align-mobile-default elementor-widget elementor-widget-image-box\" data-id=\"57fc34e\" data-element_type=\"widget\" data-widget_type=\"image-box.default\">\n\t\t\t\t<div class=\"elementor-widget-container\">\n\t\t\t<div class=\"elementor-image-box-wrapper\"><figure class=\"elementor-image-box-img\"><a href=\"http:\/\/saicex.org\/wp-content\/uploads\/2024\/03\/220502_programaeventoB.pdf\" target=\"_blank\" tabindex=\"-1\"><img loading=\"lazy\" decoding=\"async\" width=\"500\" height=\"500\" src=\"https:\/\/saicex.org\/wp-content\/uploads\/2024\/04\/davex-2.jpg\" class=\"attachment-full size-full wp-image-2087\" alt=\"\" srcset=\"https:\/\/saicex.org\/wp-content\/uploads\/2024\/04\/davex-2.jpg 500w, https:\/\/saicex.org\/wp-content\/uploads\/2024\/04\/davex-2-300x300.jpg 300w, https:\/\/saicex.org\/wp-content\/uploads\/2024\/04\/davex-2-150x150.jpg 150w, https:\/\/saicex.org\/wp-content\/uploads\/2024\/04\/davex-2-256x256.jpg 256w\" sizes=\"(max-width: 500px) 100vw, 500px\" \/><\/a><\/figure><div class=\"elementor-image-box-content\"><h3 class=\"elementor-image-box-title\"><a href=\"http:\/\/saicex.org\/wp-content\/uploads\/2024\/03\/220502_programaeventoB.pdf\" target=\"_blank\">2\u00aa edici\u00f3n Davex<\/a><\/h3><p class=\"elementor-image-box-description\">DESCIFRANDO EL ENIGMA DEL FRUTO SECO\n<br>\nViernes 7 de mayo a las 17:00 h\n<br>\nOnline\n<br>\n<a href=\"http:\/\/saicex.org\/wp-content\/uploads\/2024\/04\/Blog-DAVEX-2a-Edicion.pdf\">Blog DAVEX 2\u00aa Edicion<\/a><\/p><\/div><\/div>\t\t<\/div>\n\t\t\t\t<\/div>\n\t\t\t\t<\/div>\n\t\t<div class=\"elementor-element elementor-element-953b1b9 e-con-full e-flex e-con e-child\" data-id=\"953b1b9\" data-element_type=\"container\" data-settings=\"{&quot;content_width&quot;:&quot;full&quot;}\">\n\t\t\t\t<div class=\"elementor-element elementor-element-7f2005b elementor-position-top flex-horizontal-align-default flex-horizontal-align-tablet-default flex-horizontal-align-mobile-default flex-vertical-align-default flex-vertical-align-tablet-default flex-vertical-align-mobile-default elementor-widget elementor-widget-image-box\" data-id=\"7f2005b\" data-element_type=\"widget\" data-widget_type=\"image-box.default\">\n\t\t\t\t<div class=\"elementor-widget-container\">\n\t\t\t<div class=\"elementor-image-box-wrapper\"><figure class=\"elementor-image-box-img\"><a href=\"http:\/\/saicex.org\/wp-content\/uploads\/2024\/04\/Preprograma-SAICEX-2021.pdf\" target=\"_blank\" tabindex=\"-1\"><img loading=\"lazy\" decoding=\"async\" width=\"500\" height=\"500\" src=\"https:\/\/saicex.org\/wp-content\/uploads\/2024\/04\/XXIX-Reunion-de-la-sociedad-de-alergologia-e-inmunologia-clinica-de-extremadura.jpg\" class=\"attachment-full size-full wp-image-2097\" alt=\"\" srcset=\"https:\/\/saicex.org\/wp-content\/uploads\/2024\/04\/XXIX-Reunion-de-la-sociedad-de-alergologia-e-inmunologia-clinica-de-extremadura.jpg 500w, https:\/\/saicex.org\/wp-content\/uploads\/2024\/04\/XXIX-Reunion-de-la-sociedad-de-alergologia-e-inmunologia-clinica-de-extremadura-300x300.jpg 300w, https:\/\/saicex.org\/wp-content\/uploads\/2024\/04\/XXIX-Reunion-de-la-sociedad-de-alergologia-e-inmunologia-clinica-de-extremadura-150x150.jpg 150w, https:\/\/saicex.org\/wp-content\/uploads\/2024\/04\/XXIX-Reunion-de-la-sociedad-de-alergologia-e-inmunologia-clinica-de-extremadura-256x256.jpg 256w\" sizes=\"(max-width: 500px) 100vw, 500px\" \/><\/a><\/figure><div class=\"elementor-image-box-content\"><h3 class=\"elementor-image-box-title\"><a href=\"http:\/\/saicex.org\/wp-content\/uploads\/2024\/04\/Preprograma-SAICEX-2021.pdf\" target=\"_blank\">XXIX Reuni\u00f3n de la Sociedad de Alergolog\u00eda e Inmunolog\u00eda Clinica de Extremadura<\/a><\/h3><p class=\"elementor-image-box-description\">DIAGN\u00d3STICO Y MANEJO DE LA PATOLOG\u00cdA AL\u00c9RGICA DE LA SUPERFICIE OCULAR\n<br>\nViernes 5 de marzo a las 16:45\n<br>\nOnline<\/p><\/div><\/div>\t\t<\/div>\n\t\t\t\t<\/div>\n\t\t\t\t<\/div>\n\t\t\t\t\t<\/div>\n\t\t\t\t<\/div>\n\t\t<div class=\"elementor-element elementor-element-fb2cd50 e-flex e-con-boxed e-con e-parent\" data-id=\"fb2cd50\" data-element_type=\"container\" data-settings=\"{&quot;content_width&quot;:&quot;boxed&quot;}\" data-core-v316-plus=\"true\">\n\t\t\t\t\t<div class=\"e-con-inner\">\n\t\t<div class=\"elementor-element elementor-element-5387ec5 e-con-full e-flex e-con e-child\" data-id=\"5387ec5\" data-element_type=\"container\" data-settings=\"{&quot;content_width&quot;:&quot;full&quot;}\">\n\t\t\t\t<div class=\"elementor-element elementor-element-e78feaf elementor-position-top flex-horizontal-align-default flex-horizontal-align-tablet-default flex-horizontal-align-mobile-default flex-vertical-align-default flex-vertical-align-tablet-default flex-vertical-align-mobile-default elementor-widget elementor-widget-image-box\" data-id=\"e78feaf\" data-element_type=\"widget\" data-widget_type=\"image-box.default\">\n\t\t\t\t<div class=\"elementor-widget-container\">\n\t\t\t<div class=\"elementor-image-box-wrapper\"><figure class=\"elementor-image-box-img\"><a href=\"http:\/\/saicex.org\/wp-content\/uploads\/2024\/04\/ENCUENTRO-RINITIS-ASMA-CACERES-2019.pdf\" target=\"_blank\" tabindex=\"-1\"><img loading=\"lazy\" decoding=\"async\" width=\"500\" height=\"500\" src=\"https:\/\/saicex.org\/wp-content\/uploads\/2024\/04\/Encuentro-Rinitis-asma-bronquial-1.jpg\" class=\"attachment-full size-full wp-image-2109\" alt=\"\" srcset=\"https:\/\/saicex.org\/wp-content\/uploads\/2024\/04\/Encuentro-Rinitis-asma-bronquial-1.jpg 500w, https:\/\/saicex.org\/wp-content\/uploads\/2024\/04\/Encuentro-Rinitis-asma-bronquial-1-300x300.jpg 300w, https:\/\/saicex.org\/wp-content\/uploads\/2024\/04\/Encuentro-Rinitis-asma-bronquial-1-150x150.jpg 150w, https:\/\/saicex.org\/wp-content\/uploads\/2024\/04\/Encuentro-Rinitis-asma-bronquial-1-256x256.jpg 256w\" sizes=\"(max-width: 500px) 100vw, 500px\" \/><\/a><\/figure><div class=\"elementor-image-box-content\"><h3 class=\"elementor-image-box-title\"><a href=\"http:\/\/saicex.org\/wp-content\/uploads\/2024\/04\/ENCUENTRO-RINITIS-ASMA-CACERES-2019.pdf\" target=\"_blank\">ENCUENTRO MULTIDISCIPLINAR RINITIS-ASMA BRONQUIAL<\/a><\/h3><p class=\"elementor-image-box-description\">C\u00e1ceres, 15 y 16 de mayo de 2019\n<br>\nLugar: Sal\u00f3n de actos Ilustre Colegio de M\u00e9dicos de C\u00e1ceres<\/p><\/div><\/div>\t\t<\/div>\n\t\t\t\t<\/div>\n\t\t\t\t<\/div>\n\t\t<div class=\"elementor-element elementor-element-efc16f7 e-con-full e-flex e-con e-child\" data-id=\"efc16f7\" data-element_type=\"container\" data-settings=\"{&quot;content_width&quot;:&quot;full&quot;}\">\n\t\t\t\t<div class=\"elementor-element elementor-element-7726b3f elementor-position-top flex-horizontal-align-default flex-horizontal-align-tablet-default flex-horizontal-align-mobile-default flex-vertical-align-default flex-vertical-align-tablet-default flex-vertical-align-mobile-default elementor-widget elementor-widget-image-box\" data-id=\"7726b3f\" data-element_type=\"widget\" data-widget_type=\"image-box.default\">\n\t\t\t\t<div class=\"elementor-widget-container\">\n\t\t\t<div class=\"elementor-image-box-wrapper\"><figure class=\"elementor-image-box-img\"><a href=\"http:\/\/saicex.org\/wp-content\/uploads\/2024\/04\/1616-3_compressed.pdf\" target=\"_blank\" tabindex=\"-1\"><img loading=\"lazy\" decoding=\"async\" width=\"500\" height=\"500\" src=\"https:\/\/saicex.org\/wp-content\/uploads\/2024\/04\/Encuentro-multidisciplinar-del-asma-grave.jpg\" class=\"attachment-full size-full wp-image-2111\" alt=\"\" srcset=\"https:\/\/saicex.org\/wp-content\/uploads\/2024\/04\/Encuentro-multidisciplinar-del-asma-grave.jpg 500w, https:\/\/saicex.org\/wp-content\/uploads\/2024\/04\/Encuentro-multidisciplinar-del-asma-grave-300x300.jpg 300w, https:\/\/saicex.org\/wp-content\/uploads\/2024\/04\/Encuentro-multidisciplinar-del-asma-grave-150x150.jpg 150w, https:\/\/saicex.org\/wp-content\/uploads\/2024\/04\/Encuentro-multidisciplinar-del-asma-grave-256x256.jpg 256w\" sizes=\"(max-width: 500px) 100vw, 500px\" \/><\/a><\/figure><div class=\"elementor-image-box-content\"><h3 class=\"elementor-image-box-title\"><a href=\"http:\/\/saicex.org\/wp-content\/uploads\/2024\/04\/1616-3_compressed.pdf\" target=\"_blank\">ENCUENTRO MULTIDISCIPLINAR DE RINITIS Y ASMA GRAVE<\/a><\/h3><p class=\"elementor-image-box-description\">Badajoz, 14 y 21 de mayo de 2019\n<br>\nLugar: Sal\u00f3n de actos. Ilustre Colegio de M\u00e9dicos de Badajoz. Av. Col\u00f3n, 21<\/p><\/div><\/div>\t\t<\/div>\n\t\t\t\t<\/div>\n\t\t\t\t<\/div>\n\t\t<div class=\"elementor-element elementor-element-d3422d7 e-con-full e-flex e-con e-child\" data-id=\"d3422d7\" data-element_type=\"container\" data-settings=\"{&quot;content_width&quot;:&quot;full&quot;}\">\n\t\t\t\t<div class=\"elementor-element elementor-element-717d835 elementor-position-top flex-horizontal-align-default flex-horizontal-align-tablet-default flex-horizontal-align-mobile-default flex-vertical-align-default flex-vertical-align-tablet-default flex-vertical-align-mobile-default elementor-widget elementor-widget-image-box\" data-id=\"717d835\" data-element_type=\"widget\" data-widget_type=\"image-box.default\">\n\t\t\t\t<div class=\"elementor-widget-container\">\n\t\t\t<div class=\"elementor-image-box-wrapper\"><figure class=\"elementor-image-box-img\"><a href=\"http:\/\/saicex.org\/wp-content\/uploads\/2024\/04\/AvancePrograma_XXVIIIReunionSAICEX_Merida2019131.pdf\" target=\"_blank\" tabindex=\"-1\"><img loading=\"lazy\" decoding=\"async\" width=\"500\" height=\"500\" src=\"https:\/\/saicex.org\/wp-content\/uploads\/2024\/04\/XXVIII-reunion-saicex.jpg\" class=\"attachment-full size-full wp-image-2117\" alt=\"\" srcset=\"https:\/\/saicex.org\/wp-content\/uploads\/2024\/04\/XXVIII-reunion-saicex.jpg 500w, https:\/\/saicex.org\/wp-content\/uploads\/2024\/04\/XXVIII-reunion-saicex-300x300.jpg 300w, https:\/\/saicex.org\/wp-content\/uploads\/2024\/04\/XXVIII-reunion-saicex-150x150.jpg 150w, https:\/\/saicex.org\/wp-content\/uploads\/2024\/04\/XXVIII-reunion-saicex-256x256.jpg 256w\" sizes=\"(max-width: 500px) 100vw, 500px\" \/><\/a><\/figure><div class=\"elementor-image-box-content\"><h3 class=\"elementor-image-box-title\"><a href=\"http:\/\/saicex.org\/wp-content\/uploads\/2024\/04\/AvancePrograma_XXVIIIReunionSAICEX_Merida2019131.pdf\" target=\"_blank\">XXVIII REUNIO\u0301N DE LA SOCIEDAD DE ALERGOLOGI\u0301A E INMUNOLOGI\u0301A CLI\u0301NICA DE EXTREMADURA<\/a><\/h3><p class=\"elementor-image-box-description\">M\u00e9rida, 29 y 30 de marzo de 2019\n<br>\nSede: Parador de M\u00e9rida<\/p><\/div><\/div>\t\t<\/div>\n\t\t\t\t<\/div>\n\t\t\t\t<\/div>\n\t\t<div class=\"elementor-element elementor-element-9ffad1e e-con-full e-flex e-con e-child\" data-id=\"9ffad1e\" data-element_type=\"container\" data-settings=\"{&quot;content_width&quot;:&quot;full&quot;}\">\n\t\t\t\t<div class=\"elementor-element elementor-element-e76accf elementor-position-top flex-horizontal-align-default flex-horizontal-align-tablet-default flex-horizontal-align-mobile-default flex-vertical-align-default flex-vertical-align-tablet-default flex-vertical-align-mobile-default elementor-widget elementor-widget-image-box\" data-id=\"e76accf\" data-element_type=\"widget\" data-widget_type=\"image-box.default\">\n\t\t\t\t<div class=\"elementor-widget-container\">\n\t\t\t<div class=\"elementor-image-box-wrapper\"><figure class=\"elementor-image-box-img\"><a href=\"http:\/\/saicex.org\/wp-content\/uploads\/2024\/04\/AvancePrograma_XXVIIIReunionSAICEX_Merida2019131.pdf\" target=\"_blank\" tabindex=\"-1\"><img loading=\"lazy\" decoding=\"async\" width=\"500\" height=\"500\" src=\"https:\/\/saicex.org\/wp-content\/uploads\/2024\/04\/III-FORO-DE-ALERGOLOGIA-PARA-MEDICOS-DE-FAMILIA-Y-PEDIATRAS-DE-ATENCION-PRIMARIA.jpg\" class=\"attachment-full size-full wp-image-2122\" alt=\"\" srcset=\"https:\/\/saicex.org\/wp-content\/uploads\/2024\/04\/III-FORO-DE-ALERGOLOGIA-PARA-MEDICOS-DE-FAMILIA-Y-PEDIATRAS-DE-ATENCION-PRIMARIA.jpg 500w, https:\/\/saicex.org\/wp-content\/uploads\/2024\/04\/III-FORO-DE-ALERGOLOGIA-PARA-MEDICOS-DE-FAMILIA-Y-PEDIATRAS-DE-ATENCION-PRIMARIA-300x300.jpg 300w, https:\/\/saicex.org\/wp-content\/uploads\/2024\/04\/III-FORO-DE-ALERGOLOGIA-PARA-MEDICOS-DE-FAMILIA-Y-PEDIATRAS-DE-ATENCION-PRIMARIA-150x150.jpg 150w, https:\/\/saicex.org\/wp-content\/uploads\/2024\/04\/III-FORO-DE-ALERGOLOGIA-PARA-MEDICOS-DE-FAMILIA-Y-PEDIATRAS-DE-ATENCION-PRIMARIA-256x256.jpg 256w\" sizes=\"(max-width: 500px) 100vw, 500px\" \/><\/a><\/figure><div class=\"elementor-image-box-content\"><h3 class=\"elementor-image-box-title\"><a href=\"http:\/\/saicex.org\/wp-content\/uploads\/2024\/04\/AvancePrograma_XXVIIIReunionSAICEX_Merida2019131.pdf\" target=\"_blank\">III FORO DE ALERGOLOG\u00cdA PARA M\u00c9DICOS DE FAMILIA Y PEDIATRAS DE ATENCI\u00d3N PRIMARIA<\/a><\/h3><p class=\"elementor-image-box-description\">Badajoz, 11y 12 de diciembre de 2018\n<br>\nLugar: Aula Social. Ilustre Colegio de M\u00e9dicos de Badajoz<\/p><\/div><\/div>\t\t<\/div>\n\t\t\t\t<\/div>\n\t\t\t\t<\/div>\n\t\t<div class=\"elementor-element elementor-element-92b36a3 e-con-full e-flex e-con e-child\" data-id=\"92b36a3\" data-element_type=\"container\" data-settings=\"{&quot;content_width&quot;:&quot;full&quot;}\">\n\t\t\t\t<div class=\"elementor-element elementor-element-5239bbe flex-horizontal-align-default flex-horizontal-align-tablet-default flex-horizontal-align-mobile-default flex-vertical-align-default flex-vertical-align-tablet-default flex-vertical-align-mobile-default elementor-widget elementor-widget-image-box\" data-id=\"5239bbe\" data-element_type=\"widget\" data-widget_type=\"image-box.default\">\n\t\t\t\t<div class=\"elementor-widget-container\">\n\t\t\t<div class=\"elementor-image-box-wrapper\"><div class=\"elementor-image-box-content\"><h3 class=\"elementor-image-box-title\">Reuni\u00f3n de la Junta Directiva de la Sociedad de Alergolog\u00eda e Inmunolog\u00eda Cl\u00ednica de Extremadura<\/h3><p class=\"elementor-image-box-description\">15 de octubre\n<br>\nC\u00e1ceres<\/p><\/div><\/div>\t\t<\/div>\n\t\t\t\t<\/div>\n\t\t\t\t<\/div>\n\t\t<div class=\"elementor-element elementor-element-f5aecff e-con-full e-flex e-con e-child\" data-id=\"f5aecff\" data-element_type=\"container\" data-settings=\"{&quot;content_width&quot;:&quot;full&quot;}\">\n\t\t\t\t<div class=\"elementor-element elementor-element-d06e175 flex-horizontal-align-default flex-horizontal-align-tablet-default flex-horizontal-align-mobile-default flex-vertical-align-default flex-vertical-align-tablet-default flex-vertical-align-mobile-default elementor-widget elementor-widget-image-box\" data-id=\"d06e175\" data-element_type=\"widget\" data-widget_type=\"image-box.default\">\n\t\t\t\t<div class=\"elementor-widget-container\">\n\t\t\t<div class=\"elementor-image-box-wrapper\"><div class=\"elementor-image-box-content\"><h3 class=\"elementor-image-box-title\">PLAN DE FORMACI\u00d3N EN CIENCIAS DE LA SALUD Y ATENCI\u00d3N SOCIOSANITARIA DE EXTREMADURA 2018<\/h3><p class=\"elementor-image-box-description\">ACTUALIZACION EN EL MANEJO DE ASMA GRAVE. <br>\nSe celebrar\u00e1 los d\u00edas 2 y 4 de octubre de 2018 en C\u00e1ceres<\/p><\/div><\/div>\t\t<\/div>\n\t\t\t\t<\/div>\n\t\t\t\t<\/div>\n\t\t\t\t\t<\/div>\n\t\t\t\t<\/div>\n\t\t<div class=\"elementor-element elementor-element-3917534 e-flex e-con-boxed e-con e-parent\" data-id=\"3917534\" data-element_type=\"container\" data-settings=\"{&quot;content_width&quot;:&quot;boxed&quot;}\" data-core-v316-plus=\"true\">\n\t\t\t\t\t<div class=\"e-con-inner\">\n\t\t<div class=\"elementor-element elementor-element-8028807 e-con-full e-flex e-con e-child\" data-id=\"8028807\" data-element_type=\"container\" data-settings=\"{&quot;content_width&quot;:&quot;full&quot;}\">\n\t\t\t\t<div class=\"elementor-element elementor-element-5a46dbc elementor-position-top flex-horizontal-align-default flex-horizontal-align-tablet-default flex-horizontal-align-mobile-default flex-vertical-align-default flex-vertical-align-tablet-default flex-vertical-align-mobile-default elementor-widget elementor-widget-image-box\" data-id=\"5a46dbc\" data-element_type=\"widget\" data-widget_type=\"image-box.default\">\n\t\t\t\t<div class=\"elementor-widget-container\">\n\t\t\t<div class=\"elementor-image-box-wrapper\"><figure class=\"elementor-image-box-img\"><a href=\"http:\/\/saicex.org\/wp-content\/uploads\/2024\/04\/PROGRAMACION-CARPA-1.pdf\" target=\"_blank\" tabindex=\"-1\"><img loading=\"lazy\" decoding=\"async\" width=\"500\" height=\"500\" src=\"https:\/\/saicex.org\/wp-content\/uploads\/2024\/04\/I-CARPA-DEL-PACIENTE-ALERGICO-ASMA-Y-DEPORTE.jpg\" class=\"attachment-full size-full wp-image-2153\" alt=\"\" srcset=\"https:\/\/saicex.org\/wp-content\/uploads\/2024\/04\/I-CARPA-DEL-PACIENTE-ALERGICO-ASMA-Y-DEPORTE.jpg 500w, https:\/\/saicex.org\/wp-content\/uploads\/2024\/04\/I-CARPA-DEL-PACIENTE-ALERGICO-ASMA-Y-DEPORTE-300x300.jpg 300w, https:\/\/saicex.org\/wp-content\/uploads\/2024\/04\/I-CARPA-DEL-PACIENTE-ALERGICO-ASMA-Y-DEPORTE-150x150.jpg 150w, https:\/\/saicex.org\/wp-content\/uploads\/2024\/04\/I-CARPA-DEL-PACIENTE-ALERGICO-ASMA-Y-DEPORTE-256x256.jpg 256w\" sizes=\"(max-width: 500px) 100vw, 500px\" \/><\/a><\/figure><div class=\"elementor-image-box-content\"><h3 class=\"elementor-image-box-title\"><a href=\"http:\/\/saicex.org\/wp-content\/uploads\/2024\/04\/PROGRAMACION-CARPA-1.pdf\" target=\"_blank\">I CARPA DEL PACIENTE AL\u00c9RGICO: ASMA Y DEPORTE<\/a><\/h3><p class=\"elementor-image-box-description\">8 de abril de 2018  de 10:00 a 14:00\n<br>\nC\u00e1ceres, Parque del Rodeo<\/p><\/div><\/div>\t\t<\/div>\n\t\t\t\t<\/div>\n\t\t\t\t<\/div>\n\t\t<div class=\"elementor-element elementor-element-a6b6e53 e-con-full e-flex e-con e-child\" data-id=\"a6b6e53\" data-element_type=\"container\" data-settings=\"{&quot;content_width&quot;:&quot;full&quot;}\">\n\t\t\t\t<div class=\"elementor-element elementor-element-b0edb37 elementor-position-top flex-horizontal-align-default flex-horizontal-align-tablet-default flex-horizontal-align-mobile-default flex-vertical-align-default flex-vertical-align-tablet-default flex-vertical-align-mobile-default elementor-widget elementor-widget-image-box\" data-id=\"b0edb37\" data-element_type=\"widget\" data-widget_type=\"image-box.default\">\n\t\t\t\t<div class=\"elementor-widget-container\">\n\t\t\t<div class=\"elementor-image-box-wrapper\"><figure class=\"elementor-image-box-img\"><a href=\"http:\/\/saicex.org\/wp-content\/uploads\/2024\/04\/Foro-de-Actualizacion-en-patologia-alergica-para-Atencion-Primaria-y-Pediatria.pdf\" target=\"_blank\" tabindex=\"-1\"><img loading=\"lazy\" decoding=\"async\" width=\"500\" height=\"500\" src=\"https:\/\/saicex.org\/wp-content\/uploads\/2024\/04\/Foro-Don-Benito-2.jpg\" class=\"attachment-full size-full wp-image-2143\" alt=\"\" srcset=\"https:\/\/saicex.org\/wp-content\/uploads\/2024\/04\/Foro-Don-Benito-2.jpg 500w, https:\/\/saicex.org\/wp-content\/uploads\/2024\/04\/Foro-Don-Benito-2-300x300.jpg 300w, https:\/\/saicex.org\/wp-content\/uploads\/2024\/04\/Foro-Don-Benito-2-150x150.jpg 150w, https:\/\/saicex.org\/wp-content\/uploads\/2024\/04\/Foro-Don-Benito-2-256x256.jpg 256w\" sizes=\"(max-width: 500px) 100vw, 500px\" \/><\/a><\/figure><div class=\"elementor-image-box-content\"><h3 class=\"elementor-image-box-title\"><a href=\"http:\/\/saicex.org\/wp-content\/uploads\/2024\/04\/Foro-de-Actualizacion-en-patologia-alergica-para-Atencion-Primaria-y-Pediatria.pdf\" target=\"_blank\">I FORO DE ALERGIA PARA M\u00c9DICOS DE ATENCI\u00d3N PRIMARIA Y PEDIATR\u00cdA DEL \u00c1REA DON BENITO- VILLANUEVA<\/a><\/h3><p class=\"elementor-image-box-description\">22 de noviembre del 2017 a las 16:15\n<\/p><\/div><\/div>\t\t<\/div>\n\t\t\t\t<\/div>\n\t\t\t\t<\/div>\n\t\t<div class=\"elementor-element elementor-element-59a5b0c e-con-full e-flex e-con e-child\" data-id=\"59a5b0c\" data-element_type=\"container\" data-settings=\"{&quot;content_width&quot;:&quot;full&quot;}\">\n\t\t\t\t<div class=\"elementor-element elementor-element-97c2a12 elementor-position-top flex-horizontal-align-default flex-horizontal-align-tablet-default flex-horizontal-align-mobile-default flex-vertical-align-default flex-vertical-align-tablet-default flex-vertical-align-mobile-default elementor-widget elementor-widget-image-box\" data-id=\"97c2a12\" data-element_type=\"widget\" data-widget_type=\"image-box.default\">\n\t\t\t\t<div class=\"elementor-widget-container\">\n\t\t\t<div class=\"elementor-image-box-wrapper\"><figure class=\"elementor-image-box-img\"><a href=\"http:\/\/saicex.org\/wp-content\/uploads\/2024\/04\/II-FORO-BADAJOZ.-OCTUBRE-2017.docx.pdf\" target=\"_blank\" tabindex=\"-1\"><img loading=\"lazy\" decoding=\"async\" width=\"500\" height=\"500\" src=\"https:\/\/saicex.org\/wp-content\/uploads\/2024\/04\/2o-foro-badajoz.jpg\" class=\"attachment-full size-full wp-image-2151\" alt=\"\" srcset=\"https:\/\/saicex.org\/wp-content\/uploads\/2024\/04\/2o-foro-badajoz.jpg 500w, https:\/\/saicex.org\/wp-content\/uploads\/2024\/04\/2o-foro-badajoz-300x300.jpg 300w, https:\/\/saicex.org\/wp-content\/uploads\/2024\/04\/2o-foro-badajoz-150x150.jpg 150w, https:\/\/saicex.org\/wp-content\/uploads\/2024\/04\/2o-foro-badajoz-256x256.jpg 256w\" sizes=\"(max-width: 500px) 100vw, 500px\" \/><\/a><\/figure><div class=\"elementor-image-box-content\"><h3 class=\"elementor-image-box-title\"><a href=\"http:\/\/saicex.org\/wp-content\/uploads\/2024\/04\/II-FORO-BADAJOZ.-OCTUBRE-2017.docx.pdf\" target=\"_blank\">II FORO DE ALERGOLOG\u00cdA PARA M\u00c9DICOS DE FAMILIA Y PEDIATRAS DE ATENCI\u00d3N PRIMARIA EN BADAJOZ. OCTUBRE 2017<\/a><\/h3><p class=\"elementor-image-box-description\">4 y 5 de octubre del 2017 a las 17:00\n<\/p><\/div><\/div>\t\t<\/div>\n\t\t\t\t<\/div>\n\t\t\t\t<\/div>\n\t\t<div class=\"elementor-element elementor-element-e0b4fe7 e-con-full e-flex e-con e-child\" data-id=\"e0b4fe7\" data-element_type=\"container\" data-settings=\"{&quot;content_width&quot;:&quot;full&quot;}\">\n\t\t\t\t<div class=\"elementor-element elementor-element-14900fd elementor-position-top flex-horizontal-align-default flex-horizontal-align-tablet-default flex-horizontal-align-mobile-default flex-vertical-align-default flex-vertical-align-tablet-default flex-vertical-align-mobile-default elementor-widget elementor-widget-image-box\" data-id=\"14900fd\" data-element_type=\"widget\" data-widget_type=\"image-box.default\">\n\t\t\t\t<div class=\"elementor-widget-container\">\n\t\t\t<div class=\"elementor-image-box-wrapper\"><figure class=\"elementor-image-box-img\"><img loading=\"lazy\" decoding=\"async\" width=\"500\" height=\"500\" src=\"https:\/\/saicex.org\/wp-content\/uploads\/2024\/04\/I-FORO-DE-ALERGIA-PARA-PEDIATRIA-Y-ATENCION-PRIMARIA.jpg\" class=\"attachment-full size-full wp-image-2164\" alt=\"\" srcset=\"https:\/\/saicex.org\/wp-content\/uploads\/2024\/04\/I-FORO-DE-ALERGIA-PARA-PEDIATRIA-Y-ATENCION-PRIMARIA.jpg 500w, https:\/\/saicex.org\/wp-content\/uploads\/2024\/04\/I-FORO-DE-ALERGIA-PARA-PEDIATRIA-Y-ATENCION-PRIMARIA-300x300.jpg 300w, https:\/\/saicex.org\/wp-content\/uploads\/2024\/04\/I-FORO-DE-ALERGIA-PARA-PEDIATRIA-Y-ATENCION-PRIMARIA-150x150.jpg 150w, https:\/\/saicex.org\/wp-content\/uploads\/2024\/04\/I-FORO-DE-ALERGIA-PARA-PEDIATRIA-Y-ATENCION-PRIMARIA-256x256.jpg 256w\" sizes=\"(max-width: 500px) 100vw, 500px\" \/><\/figure><div class=\"elementor-image-box-content\"><h3 class=\"elementor-image-box-title\">I FORO DE ALERGIA PARA PEDIATR\u00cdA Y ATENCI\u00d3N PRIMARIA<\/h3><p class=\"elementor-image-box-description\">13 y 15 de diciembre del 2016 \n<br>\nBadajoz\n<\/p><\/div><\/div>\t\t<\/div>\n\t\t\t\t<\/div>\n\t\t\t\t<\/div>\n\t\t<div class=\"elementor-element elementor-element-e7a997b e-con-full e-flex e-con e-child\" data-id=\"e7a997b\" data-element_type=\"container\" data-settings=\"{&quot;content_width&quot;:&quot;full&quot;}\">\n\t\t\t\t<div class=\"elementor-element elementor-element-6d7ab9d elementor-position-top flex-horizontal-align-default flex-horizontal-align-tablet-default flex-horizontal-align-mobile-default flex-vertical-align-default flex-vertical-align-tablet-default flex-vertical-align-mobile-default elementor-widget elementor-widget-image-box\" data-id=\"6d7ab9d\" data-element_type=\"widget\" data-widget_type=\"image-box.default\">\n\t\t\t\t<div class=\"elementor-widget-container\">\n\t\t\t<div class=\"elementor-image-box-wrapper\"><figure class=\"elementor-image-box-img\"><a href=\"http:\/\/www.medicosypacientes.com\/articulo\/medicos-de-la-provincia-de-caceres-actualizan-conocimientos-en-alergia-en-la-sede-colegial\/\" target=\"_blank\" tabindex=\"-1\"><img loading=\"lazy\" decoding=\"async\" width=\"500\" height=\"500\" src=\"https:\/\/saicex.org\/wp-content\/uploads\/2024\/04\/Foro-caceres.jpg\" class=\"attachment-full size-full wp-image-2169\" alt=\"\" srcset=\"https:\/\/saicex.org\/wp-content\/uploads\/2024\/04\/Foro-caceres.jpg 500w, https:\/\/saicex.org\/wp-content\/uploads\/2024\/04\/Foro-caceres-300x300.jpg 300w, https:\/\/saicex.org\/wp-content\/uploads\/2024\/04\/Foro-caceres-150x150.jpg 150w, https:\/\/saicex.org\/wp-content\/uploads\/2024\/04\/Foro-caceres-256x256.jpg 256w\" sizes=\"(max-width: 500px) 100vw, 500px\" \/><\/a><\/figure><div class=\"elementor-image-box-content\"><h3 class=\"elementor-image-box-title\"><a href=\"http:\/\/www.medicosypacientes.com\/articulo\/medicos-de-la-provincia-de-caceres-actualizan-conocimientos-en-alergia-en-la-sede-colegial\/\" target=\"_blank\">I Foro de Alergia para Pediatr\u00eda y Atenci\u00f3n Primaria en C\u00e1ceres<\/a><\/h3><p class=\"elementor-image-box-description\">8 - 9 febrero 2017\n<br>\nDe nuevo nuestros compa\u00f1eros muestran un gran inter\u00e9s en nuestra especialidad y por las nuevas actualizaciones. Buena asistencia de p\u00fablico.\n<\/p><\/div><\/div>\t\t<\/div>\n\t\t\t\t<\/div>\n\t\t\t\t<\/div>\n\t\t<div class=\"elementor-element elementor-element-ce8ed35 e-con-full e-flex e-con e-child\" data-id=\"ce8ed35\" data-element_type=\"container\" data-settings=\"{&quot;content_width&quot;:&quot;full&quot;}\">\n\t\t\t\t<div class=\"elementor-element elementor-element-0e68a76 flex-horizontal-align-default flex-horizontal-align-tablet-default flex-horizontal-align-mobile-default flex-vertical-align-default flex-vertical-align-tablet-default flex-vertical-align-mobile-default elementor-widget elementor-widget-image-box\" data-id=\"0e68a76\" data-element_type=\"widget\" data-widget_type=\"image-box.default\">\n\t\t\t\t<div class=\"elementor-widget-container\">\n\t\t\t<div class=\"elementor-image-box-wrapper\"><div class=\"elementor-image-box-content\"><h3 class=\"elementor-image-box-title\"><a href=\"http:\/\/saicex.org\/wp-content\/uploads\/2024\/04\/Congreso-SAICEX-24-25-marzo-2017-Zafra-final.pdf\" target=\"_blank\">Congreso Sociedad de Alergolog\u00eda e Inmunolog\u00eda cl\u00ednica (SAICEX)<\/a><\/h3><p class=\"elementor-image-box-description\">24 - 25 de marzo de 2017 \n<br>\nZafra (Badajoz)\n<\/p><\/div><\/div>\t\t<\/div>\n\t\t\t\t<\/div>\n\t\t\t\t<\/div>\n\t\t\t\t\t<\/div>\n\t\t\t\t<\/div>\n\t\t\t\t<\/div>\n\t\t","protected":false},"excerpt":{"rendered":"<p>XXX Reuni\u00f3n Saicex 2023 Viernes y S\u00e1bado (24 y 25) de marzo a las 16:30 h Lugar: Hotel Badajoz Center&#8230;<\/p>\n","protected":false},"author":1,"featured_media":0,"parent":0,"menu_order":0,"comment_status":"closed","ping_status":"closed","template":"page-fullwidth.php","meta":{"footnotes":""},"class_list":["post-1987","page","type-page","status-publish"],"yoast_head":"<!-- This site is optimized with the Yoast SEO plugin v22.0 - https:\/\/yoast.com\/wordpress\/plugins\/seo\/ -->\n<title>Congreso\/Reuniones - Saicex<\/title>\n<meta name=\"robots\" content=\"index, follow, max-snippet:-1, max-image-preview:large, max-video-preview:-1\" \/>\n<link rel=\"canonical\" href=\"https:\/\/saicex.org\/?page_id=1987\" \/>\n<meta property=\"og:locale\" content=\"es_ES\" \/>\n<meta property=\"og:type\" content=\"article\" \/>\n<meta property=\"og:title\" content=\"Congreso\/Reuniones - Saicex\" \/>\n<meta property=\"og:description\" content=\"XXX Reuni\u00f3n Saicex 2023 Viernes y S\u00e1bado (24 y 25) de marzo a las 16:30 h Lugar: Hotel Badajoz Center...\" \/>\n<meta property=\"og:url\" content=\"https:\/\/saicex.org\/?page_id=1987\" \/>\n<meta property=\"og:site_name\" content=\"Saicex\" \/>\n<meta property=\"article:modified_time\" content=\"2024-10-21T08:06:09+00:00\" \/>\n<meta property=\"og:image\" content=\"http:\/\/saicex.org\/wp-content\/uploads\/2024\/10\/Badajoz-2023-640x372.jpeg\" \/>\n<meta name=\"twitter:card\" content=\"summary_large_image\" \/>\n<meta name=\"twitter:label1\" content=\"Tiempo de lectura\" \/>\n\t<meta name=\"twitter:data1\" content=\"3 minutos\" \/>\n<script type=\"application\/ld+json\" class=\"yoast-schema-graph\">{\"@context\":\"https:\/\/schema.org\",\"@graph\":[{\"@type\":\"WebPage\",\"@id\":\"https:\/\/saicex.org\/?page_id=1987\",\"url\":\"https:\/\/saicex.org\/?page_id=1987\",\"name\":\"Congreso\/Reuniones - Saicex\",\"isPartOf\":{\"@id\":\"https:\/\/saicex.org\/#website\"},\"datePublished\":\"2024-03-13T08:49:41+00:00\",\"dateModified\":\"2024-10-21T08:06:09+00:00\",\"breadcrumb\":{\"@id\":\"https:\/\/saicex.org\/?page_id=1987#breadcrumb\"},\"inLanguage\":\"es\",\"potentialAction\":[{\"@type\":\"ReadAction\",\"target\":[\"https:\/\/saicex.org\/?page_id=1987\"]}]},{\"@type\":\"BreadcrumbList\",\"@id\":\"https:\/\/saicex.org\/?page_id=1987#breadcrumb\",\"itemListElement\":[{\"@type\":\"ListItem\",\"position\":1,\"name\":\"Portada\",\"item\":\"https:\/\/saicex.org\/\"},{\"@type\":\"ListItem\",\"position\":2,\"name\":\"Congreso\/Reuniones\"}]},{\"@type\":\"WebSite\",\"@id\":\"https:\/\/saicex.org\/#website\",\"url\":\"https:\/\/saicex.org\/\",\"name\":\"Saicex\",\"description\":\"\",\"potentialAction\":[{\"@type\":\"SearchAction\",\"target\":{\"@type\":\"EntryPoint\",\"urlTemplate\":\"https:\/\/saicex.org\/?s={search_term_string}\"},\"query-input\":\"required name=search_term_string\"}],\"inLanguage\":\"es\"}]}<\/script>\n<!-- \/ Yoast SEO plugin. -->","yoast_head_json":{"title":"Congreso\/Reuniones - Saicex","robots":{"index":"index","follow":"follow","max-snippet":"max-snippet:-1","max-image-preview":"max-image-preview:large","max-video-preview":"max-video-preview:-1"},"canonical":"https:\/\/saicex.org\/?page_id=1987","og_locale":"es_ES","og_type":"article","og_title":"Congreso\/Reuniones - Saicex","og_description":"XXX Reuni\u00f3n Saicex 2023 Viernes y S\u00e1bado (24 y 25) de marzo a las 16:30 h Lugar: Hotel Badajoz Center...","og_url":"https:\/\/saicex.org\/?page_id=1987","og_site_name":"Saicex","article_modified_time":"2024-10-21T08:06:09+00:00","og_image":[{"url":"http:\/\/saicex.org\/wp-content\/uploads\/2024\/10\/Badajoz-2023-640x372.jpeg"}],"twitter_card":"summary_large_image","twitter_misc":{"Tiempo de lectura":"3 minutos"},"schema":{"@context":"https:\/\/schema.org","@graph":[{"@type":"WebPage","@id":"https:\/\/saicex.org\/?page_id=1987","url":"https:\/\/saicex.org\/?page_id=1987","name":"Congreso\/Reuniones - Saicex","isPartOf":{"@id":"https:\/\/saicex.org\/#website"},"datePublished":"2024-03-13T08:49:41+00:00","dateModified":"2024-10-21T08:06:09+00:00","breadcrumb":{"@id":"https:\/\/saicex.org\/?page_id=1987#breadcrumb"},"inLanguage":"es","potentialAction":[{"@type":"ReadAction","target":["https:\/\/saicex.org\/?page_id=1987"]}]},{"@type":"BreadcrumbList","@id":"https:\/\/saicex.org\/?page_id=1987#breadcrumb","itemListElement":[{"@type":"ListItem","position":1,"name":"Portada","item":"https:\/\/saicex.org\/"},{"@type":"ListItem","position":2,"name":"Congreso\/Reuniones"}]},{"@type":"WebSite","@id":"https:\/\/saicex.org\/#website","url":"https:\/\/saicex.org\/","name":"Saicex","description":"","potentialAction":[{"@type":"SearchAction","target":{"@type":"EntryPoint","urlTemplate":"https:\/\/saicex.org\/?s={search_term_string}"},"query-input":"required name=search_term_string"}],"inLanguage":"es"}]}},"_links":{"self":[{"href":"https:\/\/saicex.org\/index.php?rest_route=\/wp\/v2\/pages\/1987","targetHints":{"allow":["GET"]}}],"collection":[{"href":"https:\/\/saicex.org\/index.php?rest_route=\/wp\/v2\/pages"}],"about":[{"href":"https:\/\/saicex.org\/index.php?rest_route=\/wp\/v2\/types\/page"}],"author":[{"embeddable":true,"href":"https:\/\/saicex.org\/index.php?rest_route=\/wp\/v2\/users\/1"}],"replies":[{"embeddable":true,"href":"https:\/\/saicex.org\/index.php?rest_route=%2Fwp%2Fv2%2Fcomments&post=1987"}],"version-history":[{"count":70,"href":"https:\/\/saicex.org\/index.php?rest_route=\/wp\/v2\/pages\/1987\/revisions"}],"predecessor-version":[{"id":2230,"href":"https:\/\/saicex.org\/index.php?rest_route=\/wp\/v2\/pages\/1987\/revisions\/2230"}],"wp:attachment":[{"href":"https:\/\/saicex.org\/index.php?rest_route=%2Fwp%2Fv2%2Fmedia&parent=1987"}],"curies":[{"name":"wp","href":"https:\/\/api.w.org\/{rel}","templated":true}]}}